{"id":3059,"date":"2015-03-14T17:47:47","date_gmt":"2015-03-14T15:47:47","guid":{"rendered":"http:\/\/www.gaestehaus-adler.de\/?page_id=3059"},"modified":"2025-12-27T11:40:38","modified_gmt":"2025-12-27T09:40:38","slug":"preise","status":"publish","type":"page","link":"https:\/\/www.gaestehaus-adler.de\/?page_id=3059","title":{"rendered":"Preise"},"content":{"rendered":"<div>\n<table style=\"height: 519px; width: 100%;\">\n<tbody>\n<tr style=\"height: 24px;\">\n<td style=\"height: 24px;\"><strong>Doppelzimmer als Einzelzimmer<br \/>\n<\/strong><\/td>\n<td style=\"height: 24px;\">55,- \u20ac \/ Tag<\/td>\n<td style=\"height: 24px;\">ohne Fr\u00fchst\u00fcck<\/td>\n<\/tr>\n<tr style=\"height: 24px;\">\n<td style=\"height: 24px;\"><strong>Doppelzimmer<br \/>\n<\/strong><\/td>\n<td style=\"height: 24px;\">65,- \u20ac \/ Tag<\/td>\n<td style=\"height: 24px;\">ohne Fr\u00fchst\u00fcck<\/td>\n<\/tr>\n<tr style=\"height: 24px;\">\n<td style=\"height: 24px;\"><\/td>\n<td style=\"height: 24px;\"><\/td>\n<td style=\"height: 24px;\"><\/td>\n<\/tr>\n<tr style=\"height: 24px;\">\n<td style=\"height: 24px;\"><strong>Ferienwohnung<\/strong><\/td>\n<td style=\"height: 24px;\">80,- \u20ac \/ Tag<\/td>\n<td style=\"height: 24px;\">ohne Fr\u00fchst\u00fcck<\/td>\n<\/tr>\n<tr style=\"height: 24px;\">\n<td style=\"height: 24px;\"><strong>Ferienwohnung gro\u00df<\/strong><\/td>\n<td style=\"height: 24px;\">90,- \u20ac \/ Tag<\/td>\n<td style=\"height: 24px;\">ohne Fr\u00fchst\u00fcck<\/td>\n<\/tr>\n<tr style=\"height: 24px;\">\n<td style=\"height: 24px;\"><\/td>\n<td style=\"height: 24px;\"><\/td>\n<td style=\"height: 24px;\"><\/td>\n<\/tr>\n<tr style=\"height: 24px;\">\n<td style=\"height: 24px;\" colspan=\"3\">Preis gilt f\u00fcr die Belegung bis 2 Personen, jede weitere\u00a0 Person 18,- \u20ac<\/td>\n<\/tr>\n<tr style=\"height: 24px;\">\n<td style=\"height: 24px;\" colspan=\"3\">Kinder im Vorschulalter im Zimmer\/FeWo der Eltern sind in der Regel frei.<\/td>\n<\/tr>\n<tr style=\"height: 45px;\">\n<td style=\"height: 45px;\" colspan=\"3\">reichhaltiges Fr\u00fchst\u00fcck, falls gew\u00fcnscht 12 \u20ac \/ Person<br \/>\nnur Samstags und Sonntags von 9\u00b0\u00b0-10\u00b0\u00b0 Uhr<br \/>\nund nur ab mindestens 3 Personen.<br \/>\nFr\u00fchst\u00fcck Montag bis Freitag nur nach Absprache<br \/>\nund nur f\u00fcr Gruppen ab 6 Personen.<\/td>\n<\/tr>\n<tr style=\"height: 24px;\">\n<td style=\"height: 24px;\" colspan=\"3\">Schlussreinigung, bzw. wenn erforderlich 1 x pro Woche = 30,- \u20ac<\/td>\n<\/tr>\n<tr style=\"height: 24px;\">\n<td style=\"height: 24px;\" colspan=\"3\"><\/td>\n<\/tr>\n<tr style=\"height: 24px;\">\n<td style=\"height: 24px;\" colspan=\"3\"><\/td>\n<\/tr>\n<tr style=\"height: 24px;\">\n<td style=\"height: 24px;\" colspan=\"3\">Stornobedingungen: bis 14 Tage vorher kostenlos, danach 50%<\/td>\n<\/tr>\n<tr style=\"height: 45px;\">\n<td style=\"height: 45px;\" colspan=\"3\">Anreise: ab 14:00 Uhr oder nach Vereinbarung,<br \/>\nAbreise: bis sp\u00e4testens 11:00 Uhr<\/td>\n<\/tr>\n<tr style=\"height: 45px;\">\n<td style=\"height: 45px;\" colspan=\"3\">Bei Schl\u00fcsselverlust m\u00fcssen wir einen Betrag von 80 \u20ac in Rechnung stellen, da die Schl\u00fcssel Teil einer Schlie\u00dfanlage sind.<\/td>\n<\/tr>\n<tr style=\"height: 24px;\">\n<td style=\"height: 24px;\">.<\/td>\n<td style=\"height: 24px;\"><\/td>\n<td style=\"height: 24px;\"><\/td>\n<\/tr>\n<tr style=\"height: 24px;\">\n<td style=\"height: 24px;\" colspan=\"3\">Alle Preise verstehen sich inklusive der gesetzlichen Mehrwertsteuer.<\/td>\n<\/tr>\n<\/tbody>\n<\/table>\n<\/div>\n","protected":false},"excerpt":{"rendered":"<p>Doppelzimmer als Einzelzimmer 55,- \u20ac \/ Tag ohne Fr\u00fchst\u00fcck Doppelzimmer 65,- \u20ac \/ Tag ohne Fr\u00fchst\u00fcck Ferienwohnung 80,- \u20ac \/ Tag ohne Fr\u00fchst\u00fcck Ferienwohnung gro\u00df 90,- \u20ac \/ Tag ohne Fr\u00fchst\u00fcck Preis gilt f\u00fcr die Belegung bis 2 Personen, jede weitere\u00a0 Person 18,- \u20ac Kinder im Vorschulalter im Zimmer\/FeWo der Eltern sind in der Regel [&hellip;]<\/p>\n","protected":false},"author":1,"featured_media":0,"parent":0,"menu_order":0,"comment_status":"closed","ping_status":"closed","template":"","meta":[],"_links":{"self":[{"href":"https:\/\/www.gaestehaus-adler.de\/index.php?rest_route=\/wp\/v2\/pages\/3059"}],"collection":[{"href":"https:\/\/www.gaestehaus-adler.de\/index.php?rest_route=\/wp\/v2\/pages"}],"about":[{"href":"https:\/\/www.gaestehaus-adler.de\/index.php?rest_route=\/wp\/v2\/types\/page"}],"author":[{"embeddable":true,"href":"https:\/\/www.gaestehaus-adler.de\/index.php?rest_route=\/wp\/v2\/users\/1"}],"replies":[{"embeddable":true,"href":"https:\/\/www.gaestehaus-adler.de\/index.php?rest_route=%2Fwp%2Fv2%2Fcomments&post=3059"}],"version-history":[{"count":24,"href":"https:\/\/www.gaestehaus-adler.de\/index.php?rest_route=\/wp\/v2\/pages\/3059\/revisions"}],"predecessor-version":[{"id":3350,"href":"https:\/\/www.gaestehaus-adler.de\/index.php?rest_route=\/wp\/v2\/pages\/3059\/revisions\/3350"}],"wp:attachment":[{"href":"https:\/\/www.gaestehaus-adler.de\/index.php?rest_route=%2Fwp%2Fv2%2Fmedia&parent=3059"}],"curies":[{"name":"wp","href":"https:\/\/api.w.org\/{rel}","templated":true}]}}